{"id":11,"date":"2023-02-10T13:29:53","date_gmt":"2023-02-10T12:29:53","guid":{"rendered":"http:\/\/dev.reichelfoto.com\/portfolio\/"},"modified":"2024-09-25T12:41:14","modified_gmt":"2024-09-25T10:41:14","slug":"portfolio","status":"publish","type":"page","link":"https:\/\/www.reichelfotografie.de\/en\/portfolio\/","title":{"rendered":"Portfolio"},"content":{"rendered":"\n<figure class=\"wp-block-gallery has-nested-images columns-3 is-cropped masonry wp-block-gallery-1 is-layout-flex wp-block-gallery-is-layout-flex\">\n<figure class=\"wp-block-image size-large square\"><a href=\"https:\/\/www.reichelfotografie.de\/en\/wp-content\/uploads\/sites\/3\/Paris_Fondation_Louis_Vuitton.jpg\"><img loading=\"lazy\" decoding=\"async\" width=\"1800\" height=\"1273\" data-id=\"142\" src=\"https:\/\/www.reichelfotografie.de\/en\/wp-content\/uploads\/sites\/3\/Paris_Fondation_Louis_Vuitton-1800x1273.jpg\" alt=\"Fondation Louis Vuitton Paris J\u00fcrgen Reichel Architectural Photography Architecture Photographer J\u00fcrgen Reichel\" class=\"wp-image-142\" srcset=\"https:\/\/www.reichelfotografie.de\/en\/wp-content\/uploads\/sites\/3\/Paris_Fondation_Louis_Vuitton-1800x1273.jpg 1800w, https:\/\/www.reichelfotografie.de\/en\/wp-content\/uploads\/sites\/3\/Paris_Fondation_Louis_Vuitton-300x212.jpg 300w, https:\/\/www.reichelfotografie.de\/en\/wp-content\/uploads\/sites\/3\/Paris_Fondation_Louis_Vuitton-768x543.jpg 768w, https:\/\/www.reichelfotografie.de\/en\/wp-content\/uploads\/sites\/3\/Paris_Fondation_Louis_Vuitton-1536x1086.jpg 1536w, https:\/\/www.reichelfotografie.de\/en\/wp-content\/uploads\/sites\/3\/Paris_Fondation_Louis_Vuitton.jpg 1810w\" sizes=\"auto, (max-width: 1800px) 100vw, 1800px\" \/><\/a><figcaption class=\"wp-element-caption\">Fondation Louis Vuitton\n[Paris]\n<\/figcaption><\/figure>\n\n\n\n<figure class=\"wp-block-image size-medium\"><a href=\"https:\/\/www.reichelfotografie.de\/en\/wp-content\/uploads\/sites\/3\/LD_Grand_Arch_Lookup.jpg\"><img loading=\"lazy\" decoding=\"async\" width=\"300\" height=\"202\" data-id=\"135\" src=\"https:\/\/www.reichelfotografie.de\/en\/wp-content\/uploads\/sites\/3\/LD_Grand_Arch_Lookup-300x202.jpg\" alt=\"Grand Arche Paris La Defense J\u00fcrgen Reichel Architectural Photography Architecture Photographer J\u00fcrgen Reichel\" class=\"wp-image-135\" srcset=\"https:\/\/www.reichelfotografie.de\/en\/wp-content\/uploads\/sites\/3\/LD_Grand_Arch_Lookup-300x202.jpg 300w, https:\/\/www.reichelfotografie.de\/en\/wp-content\/uploads\/sites\/3\/LD_Grand_Arch_Lookup-1800x1213.jpg 1800w, https:\/\/www.reichelfotografie.de\/en\/wp-content\/uploads\/sites\/3\/LD_Grand_Arch_Lookup-768x518.jpg 768w, https:\/\/www.reichelfotografie.de\/en\/wp-content\/uploads\/sites\/3\/LD_Grand_Arch_Lookup-1536x1035.jpg 1536w, https:\/\/www.reichelfotografie.de\/en\/wp-content\/uploads\/sites\/3\/LD_Grand_Arch_Lookup.jpg 1920w\" sizes=\"auto, (max-width: 300px) 100vw, 300px\" \/><\/a><figcaption class=\"wp-element-caption\">Grand Arche  [Paris La Defense]<\/figcaption><\/figure>\n\n\n\n<figure class=\"wp-block-image size-medium\"><a href=\"https:\/\/www.reichelfotografie.de\/en\/wp-content\/uploads\/sites\/3\/La_Defense_LE.jpg\"><img loading=\"lazy\" decoding=\"async\" width=\"300\" height=\"200\" data-id=\"133\" src=\"https:\/\/www.reichelfotografie.de\/en\/wp-content\/uploads\/sites\/3\/La_Defense_LE-300x200.jpg\" alt=\"Long Exposure Cityscape Paris La Defense J\u00fcrgen Reichel Architectural Photography Architecture Photographer J\u00fcrgen Reichel\" class=\"wp-image-133\" srcset=\"https:\/\/www.reichelfotografie.de\/en\/wp-content\/uploads\/sites\/3\/La_Defense_LE-300x200.jpg 300w, https:\/\/www.reichelfotografie.de\/en\/wp-content\/uploads\/sites\/3\/La_Defense_LE-1800x1200.jpg 1800w, https:\/\/www.reichelfotografie.de\/en\/wp-content\/uploads\/sites\/3\/La_Defense_LE-768x512.jpg 768w, https:\/\/www.reichelfotografie.de\/en\/wp-content\/uploads\/sites\/3\/La_Defense_LE-1536x1024.jpg 1536w, https:\/\/www.reichelfotografie.de\/en\/wp-content\/uploads\/sites\/3\/La_Defense_LE.jpg 1920w\" sizes=\"auto, (max-width: 300px) 100vw, 300px\" \/><\/a><figcaption class=\"wp-element-caption\">Long Exposure\n[Paris | La Defense]<\/figcaption><\/figure>\n\n\n\n<figure class=\"wp-block-image size-medium\"><a href=\"https:\/\/www.reichelfotografie.de\/en\/wp-content\/uploads\/sites\/3\/Ffm_Grand_Tower.jpg\"><img loading=\"lazy\" decoding=\"async\" width=\"200\" height=\"300\" data-id=\"130\" src=\"https:\/\/www.reichelfotografie.de\/en\/wp-content\/uploads\/sites\/3\/Ffm_Grand_Tower-200x300.jpg\" alt=\"Grand Tower Frankfurt on the Main J\u00fcrgen Reichel Architectural Photography Architecture Photographer J\u00fcrgen Reichel\" class=\"wp-image-130\" srcset=\"https:\/\/www.reichelfotografie.de\/en\/wp-content\/uploads\/sites\/3\/Ffm_Grand_Tower-200x300.jpg 200w, https:\/\/www.reichelfotografie.de\/en\/wp-content\/uploads\/sites\/3\/Ffm_Grand_Tower-1200x1800.jpg 1200w, https:\/\/www.reichelfotografie.de\/en\/wp-content\/uploads\/sites\/3\/Ffm_Grand_Tower-768x1152.jpg 768w, https:\/\/www.reichelfotografie.de\/en\/wp-content\/uploads\/sites\/3\/Ffm_Grand_Tower-1024x1536.jpg 1024w, https:\/\/www.reichelfotografie.de\/en\/wp-content\/uploads\/sites\/3\/Ffm_Grand_Tower.jpg 1280w\" sizes=\"auto, (max-width: 200px) 100vw, 200px\" \/><\/a><figcaption class=\"wp-element-caption\">Grand Tower\n[Frankfurt]<\/figcaption><\/figure>\n\n\n\n<figure class=\"wp-block-image size-large wide\"><a href=\"https:\/\/www.reichelfotografie.de\/en\/wp-content\/uploads\/sites\/3\/MG_4723_final_09_Web.jpg\"><img loading=\"lazy\" decoding=\"async\" width=\"1800\" height=\"1241\" data-id=\"156\" src=\"https:\/\/www.reichelfotografie.de\/en\/wp-content\/uploads\/sites\/3\/MG_4723_final_09_Web-1800x1241.jpg\" alt=\"Hotel nhow (the ONE) Frankfurt on the Main J\u00fcrgen Reichel Architectural Photography Architecture Photographer J\u00fcrgen Reichel\" class=\"wp-image-156\" srcset=\"https:\/\/www.reichelfotografie.de\/en\/wp-content\/uploads\/sites\/3\/MG_4723_final_09_Web-1800x1241.jpg 1800w, https:\/\/www.reichelfotografie.de\/en\/wp-content\/uploads\/sites\/3\/MG_4723_final_09_Web-300x207.jpg 300w, https:\/\/www.reichelfotografie.de\/en\/wp-content\/uploads\/sites\/3\/MG_4723_final_09_Web-768x530.jpg 768w, https:\/\/www.reichelfotografie.de\/en\/wp-content\/uploads\/sites\/3\/MG_4723_final_09_Web-1536x1059.jpg 1536w, https:\/\/www.reichelfotografie.de\/en\/wp-content\/uploads\/sites\/3\/MG_4723_final_09_Web.jpg 1920w\" sizes=\"auto, (max-width: 1800px) 100vw, 1800px\" \/><\/a><figcaption class=\"wp-element-caption\">Hotel nhow (the ONE)\n[Frankfurt]\n<\/figcaption><\/figure>\n\n\n\n<figure class=\"wp-block-image size-medium\"><a href=\"https:\/\/www.reichelfotografie.de\/en\/wp-content\/uploads\/sites\/3\/MG_4682_final_05_Web.jpg\"><img loading=\"lazy\" decoding=\"async\" width=\"300\" height=\"278\" data-id=\"157\" src=\"https:\/\/www.reichelfotografie.de\/en\/wp-content\/uploads\/sites\/3\/MG_4682_final_05_Web-300x278.jpg\" alt=\"Skyline Plaza Frankfurt on the Main J\u00fcrgen Reichel Architectural Photography Architecture Photographer J\u00fcrgen Reichel\" class=\"wp-image-157\" srcset=\"https:\/\/www.reichelfotografie.de\/en\/wp-content\/uploads\/sites\/3\/MG_4682_final_05_Web-300x278.jpg 300w, https:\/\/www.reichelfotografie.de\/en\/wp-content\/uploads\/sites\/3\/MG_4682_final_05_Web-1800x1667.jpg 1800w, https:\/\/www.reichelfotografie.de\/en\/wp-content\/uploads\/sites\/3\/MG_4682_final_05_Web-768x711.jpg 768w, https:\/\/www.reichelfotografie.de\/en\/wp-content\/uploads\/sites\/3\/MG_4682_final_05_Web-1536x1422.jpg 1536w, https:\/\/www.reichelfotografie.de\/en\/wp-content\/uploads\/sites\/3\/MG_4682_final_05_Web.jpg 1920w\" sizes=\"auto, (max-width: 300px) 100vw, 300px\" \/><\/a><figcaption class=\"wp-element-caption\">Skyline Plaza\n[Frankfurt]\n<\/figcaption><\/figure>\n\n\n\n<figure class=\"wp-block-image size-medium\"><a href=\"https:\/\/www.reichelfotografie.de\/en\/wp-content\/uploads\/sites\/3\/2_Tour_D2_Paris_La_Defense.jpg\"><img loading=\"lazy\" decoding=\"async\" width=\"249\" height=\"300\" data-id=\"89\" src=\"https:\/\/www.reichelfotografie.de\/en\/wp-content\/uploads\/sites\/3\/2_Tour_D2_Paris_La_Defense-249x300.jpg\" alt=\"Tower D2 Paris La Defense J\u00fcrgen Reichel Architectural Photography Architecture Photographer J\u00fcrgen Reichel\" class=\"wp-image-89\" srcset=\"https:\/\/www.reichelfotografie.de\/en\/wp-content\/uploads\/sites\/3\/2_Tour_D2_Paris_La_Defense-249x300.jpg 249w, https:\/\/www.reichelfotografie.de\/en\/wp-content\/uploads\/sites\/3\/2_Tour_D2_Paris_La_Defense-1493x1800.jpg 1493w, https:\/\/www.reichelfotografie.de\/en\/wp-content\/uploads\/sites\/3\/2_Tour_D2_Paris_La_Defense-768x926.jpg 768w, https:\/\/www.reichelfotografie.de\/en\/wp-content\/uploads\/sites\/3\/2_Tour_D2_Paris_La_Defense-1274x1536.jpg 1274w, https:\/\/www.reichelfotografie.de\/en\/wp-content\/uploads\/sites\/3\/2_Tour_D2_Paris_La_Defense.jpg 1592w\" sizes=\"auto, (max-width: 249px) 100vw, 249px\" \/><\/a><figcaption class=\"wp-element-caption\">Tower D2\n[Paris | La Defense]<\/figcaption><\/figure>\n\n\n\n<figure class=\"wp-block-image size-large\"><a href=\"https:\/\/www.reichelfotografie.de\/de\/wp-content\/uploads\/sites\/3\/8_FOM_Duesseldorf.jpg\"><img decoding=\"async\" data-id=\"126\" src=\"https:\/\/www.reichelfotografie.de\/de\/wp-content\/uploads\/sites\/3\/8_FOM_Duesseldorf-1562x1800.jpg\" alt=\"FOM D\u00fcsseldorf J\u00fcrgen Reichel Architectural Photography Architecture Photographer J\u00fcrgen Reichel\" class=\"wp-image-126\" \/><\/a><figcaption class=\"wp-element-caption\">FOM<br>[D\u00fcsseldorf]<\/figcaption><\/figure>\n\n\n\n<figure class=\"wp-block-image size-medium\"><a href=\"https:\/\/www.reichelfotografie.de\/en\/wp-content\/uploads\/sites\/3\/IMG_3906_final_04_crop-Kopie.jpg\"><img loading=\"lazy\" decoding=\"async\" width=\"257\" height=\"300\" data-id=\"180\" src=\"https:\/\/www.reichelfotografie.de\/en\/wp-content\/uploads\/sites\/3\/IMG_3906_final_04_crop-Kopie-257x300.jpg\" alt=\"Kastor Frankfurt on the Main J\u00fcrgen Reichel Architectural Photography Architecture Photographer J\u00fcrgen Reichel\" class=\"wp-image-180\" srcset=\"https:\/\/www.reichelfotografie.de\/en\/wp-content\/uploads\/sites\/3\/IMG_3906_final_04_crop-Kopie-257x300.jpg 257w, https:\/\/www.reichelfotografie.de\/en\/wp-content\/uploads\/sites\/3\/IMG_3906_final_04_crop-Kopie-768x897.jpg 768w, https:\/\/www.reichelfotografie.de\/en\/wp-content\/uploads\/sites\/3\/IMG_3906_final_04_crop-Kopie.jpg 1280w\" sizes=\"auto, (max-width: 257px) 100vw, 257px\" \/><\/a><figcaption class=\"wp-element-caption\">Reflection Kastor\n[Frankfurt]<\/figcaption><\/figure>\n\n\n\n<figure class=\"wp-block-image size-large square\"><a href=\"https:\/\/www.reichelfotografie.de\/en\/wp-content\/uploads\/sites\/3\/15_Europaeische_Zentralbank_Turm_Frankfurt.jpg\"><img loading=\"lazy\" decoding=\"async\" width=\"1800\" height=\"1200\" data-id=\"101\" src=\"https:\/\/www.reichelfotografie.de\/en\/wp-content\/uploads\/sites\/3\/15_Europaeische_Zentralbank_Turm_Frankfurt-1800x1200.jpg\" alt=\"European Central Bank Frankfurt on the Main J\u00fcrgen Reichel Architectural Photography Architecture Photographer J\u00fcrgen Reichel\" class=\"wp-image-101\" srcset=\"https:\/\/www.reichelfotografie.de\/en\/wp-content\/uploads\/sites\/3\/15_Europaeische_Zentralbank_Turm_Frankfurt-1800x1200.jpg 1800w, https:\/\/www.reichelfotografie.de\/en\/wp-content\/uploads\/sites\/3\/15_Europaeische_Zentralbank_Turm_Frankfurt-300x200.jpg 300w, https:\/\/www.reichelfotografie.de\/en\/wp-content\/uploads\/sites\/3\/15_Europaeische_Zentralbank_Turm_Frankfurt-768x512.jpg 768w, https:\/\/www.reichelfotografie.de\/en\/wp-content\/uploads\/sites\/3\/15_Europaeische_Zentralbank_Turm_Frankfurt-1536x1024.jpg 1536w, https:\/\/www.reichelfotografie.de\/en\/wp-content\/uploads\/sites\/3\/15_Europaeische_Zentralbank_Turm_Frankfurt.jpg 1920w\" sizes=\"auto, (max-width: 1800px) 100vw, 1800px\" \/><\/a><figcaption class=\"wp-element-caption\">European Central Bank\n[Frankfurt]\n<\/figcaption><\/figure>\n\n\n\n<figure class=\"wp-block-image size-medium\"><a href=\"https:\/\/www.reichelfotografie.de\/en\/wp-content\/uploads\/sites\/3\/Ffm_MAK.jpg\"><img loading=\"lazy\" decoding=\"async\" width=\"300\" height=\"168\" data-id=\"132\" src=\"https:\/\/www.reichelfotografie.de\/en\/wp-content\/uploads\/sites\/3\/Ffm_MAK-300x168.jpg\" alt=\"MAK Museum of Applied Arts Frankfurt on the Main J\u00fcrgen Reichel Architectural Photography Architecture Photographer J\u00fcrgen Reichel\n\" class=\"wp-image-132\" srcset=\"https:\/\/www.reichelfotografie.de\/en\/wp-content\/uploads\/sites\/3\/Ffm_MAK-300x168.jpg 300w, https:\/\/www.reichelfotografie.de\/en\/wp-content\/uploads\/sites\/3\/Ffm_MAK-1800x1011.jpg 1800w, https:\/\/www.reichelfotografie.de\/en\/wp-content\/uploads\/sites\/3\/Ffm_MAK-768x431.jpg 768w, https:\/\/www.reichelfotografie.de\/en\/wp-content\/uploads\/sites\/3\/Ffm_MAK-1536x862.jpg 1536w, https:\/\/www.reichelfotografie.de\/en\/wp-content\/uploads\/sites\/3\/Ffm_MAK.jpg 1920w\" sizes=\"auto, (max-width: 300px) 100vw, 300px\" \/><\/a><figcaption class=\"wp-element-caption\">MAK\n[Frankfurt]\n<\/figcaption><\/figure>\n\n\n\n<figure class=\"wp-block-image size-medium\"><a href=\"https:\/\/www.reichelfotografie.de\/en\/wp-content\/uploads\/sites\/3\/LD_Place_Ronde.jpg\"><img loading=\"lazy\" decoding=\"async\" width=\"300\" height=\"200\" data-id=\"139\" src=\"https:\/\/www.reichelfotografie.de\/en\/wp-content\/uploads\/sites\/3\/LD_Place_Ronde-300x200.jpg\" alt=\"Place Ronde Paris La Defense J\u00fcrgen Reichel Architectural Photography Architecture Photographer J\u00fcrgen Reichel\" class=\"wp-image-139\" srcset=\"https:\/\/www.reichelfotografie.de\/en\/wp-content\/uploads\/sites\/3\/LD_Place_Ronde-300x200.jpg 300w, https:\/\/www.reichelfotografie.de\/en\/wp-content\/uploads\/sites\/3\/LD_Place_Ronde-1800x1200.jpg 1800w, https:\/\/www.reichelfotografie.de\/en\/wp-content\/uploads\/sites\/3\/LD_Place_Ronde-768x512.jpg 768w, https:\/\/www.reichelfotografie.de\/en\/wp-content\/uploads\/sites\/3\/LD_Place_Ronde-1536x1024.jpg 1536w, https:\/\/www.reichelfotografie.de\/en\/wp-content\/uploads\/sites\/3\/LD_Place_Ronde.jpg 1920w\" sizes=\"auto, (max-width: 300px) 100vw, 300px\" \/><\/a><figcaption class=\"wp-element-caption\">Pace Ronde\n[Paris | La Defense]\n<\/figcaption><\/figure>\n\n\n\n<figure class=\"wp-block-image size-medium\"><a href=\"https:\/\/www.reichelfotografie.de\/en\/wp-content\/uploads\/sites\/3\/14_Westendstrasse_1_Tower_Frankfurt.jpg\"><img loading=\"lazy\" decoding=\"async\" width=\"300\" height=\"200\" data-id=\"100\" src=\"https:\/\/www.reichelfotografie.de\/en\/wp-content\/uploads\/sites\/3\/14_Westendstrasse_1_Tower_Frankfurt-300x200.jpg\" alt=\"DZ Tower Westendstra\u00dfe 1 Frankfurt on the Main J\u00fcrgen Reichel Architectural Photography Architecture Photographer J\u00fcrgen Reichel\" class=\"wp-image-100\" srcset=\"https:\/\/www.reichelfotografie.de\/en\/wp-content\/uploads\/sites\/3\/14_Westendstrasse_1_Tower_Frankfurt-300x200.jpg 300w, https:\/\/www.reichelfotografie.de\/en\/wp-content\/uploads\/sites\/3\/14_Westendstrasse_1_Tower_Frankfurt-1800x1200.jpg 1800w, https:\/\/www.reichelfotografie.de\/en\/wp-content\/uploads\/sites\/3\/14_Westendstrasse_1_Tower_Frankfurt-768x512.jpg 768w, https:\/\/www.reichelfotografie.de\/en\/wp-content\/uploads\/sites\/3\/14_Westendstrasse_1_Tower_Frankfurt-1536x1024.jpg 1536w, https:\/\/www.reichelfotografie.de\/en\/wp-content\/uploads\/sites\/3\/14_Westendstrasse_1_Tower_Frankfurt.jpg 1920w\" sizes=\"auto, (max-width: 300px) 100vw, 300px\" \/><\/a><figcaption class=\"wp-element-caption\">Tower Westendstra\u00dfe 1\n[Frankfurt]<\/figcaption><\/figure>\n\n\n\n<figure class=\"wp-block-image size-medium\"><a href=\"https:\/\/www.reichelfotografie.de\/en\/wp-content\/uploads\/sites\/3\/DUS_Vodafone.jpg\"><img loading=\"lazy\" decoding=\"async\" width=\"300\" height=\"200\" data-id=\"129\" src=\"https:\/\/www.reichelfotografie.de\/en\/wp-content\/uploads\/sites\/3\/DUS_Vodafone-300x200.jpg\" alt=\"Vodafone Tower D\u00fcsseldorf J\u00fcrgen Reichel Architectural Photography Architecture Photographer J\u00fcrgen Reichel\" class=\"wp-image-129\" srcset=\"https:\/\/www.reichelfotografie.de\/en\/wp-content\/uploads\/sites\/3\/DUS_Vodafone-300x200.jpg 300w, https:\/\/www.reichelfotografie.de\/en\/wp-content\/uploads\/sites\/3\/DUS_Vodafone-1800x1200.jpg 1800w, https:\/\/www.reichelfotografie.de\/en\/wp-content\/uploads\/sites\/3\/DUS_Vodafone-768x512.jpg 768w, https:\/\/www.reichelfotografie.de\/en\/wp-content\/uploads\/sites\/3\/DUS_Vodafone-1536x1024.jpg 1536w, https:\/\/www.reichelfotografie.de\/en\/wp-content\/uploads\/sites\/3\/DUS_Vodafone.jpg 1920w\" sizes=\"auto, (max-width: 300px) 100vw, 300px\" \/><\/a><figcaption class=\"wp-element-caption\">Vodafone Tower\n[D\u00fcsseldorf]\n<\/figcaption><\/figure>\n\n\n\n<figure class=\"wp-block-image size-large wide\"><a href=\"https:\/\/www.reichelfotografie.de\/en\/wp-content\/uploads\/sites\/3\/4_Floserbrucke_Frankfurt.jpg\"><img loading=\"lazy\" decoding=\"async\" width=\"1800\" height=\"1200\" data-id=\"56\" src=\"https:\/\/www.reichelfotografie.de\/en\/wp-content\/uploads\/sites\/3\/4_Floserbrucke_Frankfurt-1800x1200.jpg\" alt=\"Fl\u00f6\u00dferbr\u00fccke Frankfurt on the Main J\u00fcrgen Reichel Architectural Photography Architecture Photographer J\u00fcrgen Reichel\" class=\"wp-image-56\" srcset=\"https:\/\/www.reichelfotografie.de\/en\/wp-content\/uploads\/sites\/3\/4_Floserbrucke_Frankfurt-1800x1200.jpg 1800w, https:\/\/www.reichelfotografie.de\/en\/wp-content\/uploads\/sites\/3\/4_Floserbrucke_Frankfurt-300x200.jpg 300w, https:\/\/www.reichelfotografie.de\/en\/wp-content\/uploads\/sites\/3\/4_Floserbrucke_Frankfurt-768x512.jpg 768w, https:\/\/www.reichelfotografie.de\/en\/wp-content\/uploads\/sites\/3\/4_Floserbrucke_Frankfurt-1536x1024.jpg 1536w, https:\/\/www.reichelfotografie.de\/en\/wp-content\/uploads\/sites\/3\/4_Floserbrucke_Frankfurt.jpg 1920w\" sizes=\"auto, (max-width: 1800px) 100vw, 1800px\" \/><\/a><figcaption class=\"wp-element-caption\">Fl\u00f6\u00dferbr\u00fccke \n[Frankfurt]\n<\/figcaption><\/figure>\n\n\n\n<figure class=\"wp-block-image size-medium\"><a href=\"https:\/\/www.reichelfotografie.de\/en\/wp-content\/uploads\/sites\/3\/IMG_3323_final_01-Kopie.jpg\"><img loading=\"lazy\" decoding=\"async\" width=\"300\" height=\"200\" data-id=\"178\" src=\"https:\/\/www.reichelfotografie.de\/en\/wp-content\/uploads\/sites\/3\/IMG_3323_final_01-Kopie-300x200.jpg\" alt=\"Long Exposure Skyline Frankfurt on the Main J\u00fcrgen Reichel Architectural Photography Architecture Photographer J\u00fcrgen Reichel\" class=\"wp-image-178\" srcset=\"https:\/\/www.reichelfotografie.de\/en\/wp-content\/uploads\/sites\/3\/IMG_3323_final_01-Kopie-300x200.jpg 300w, https:\/\/www.reichelfotografie.de\/en\/wp-content\/uploads\/sites\/3\/IMG_3323_final_01-Kopie-1800x1200.jpg 1800w, https:\/\/www.reichelfotografie.de\/en\/wp-content\/uploads\/sites\/3\/IMG_3323_final_01-Kopie-768x512.jpg 768w, https:\/\/www.reichelfotografie.de\/en\/wp-content\/uploads\/sites\/3\/IMG_3323_final_01-Kopie-1536x1024.jpg 1536w, https:\/\/www.reichelfotografie.de\/en\/wp-content\/uploads\/sites\/3\/IMG_3323_final_01-Kopie.jpg 1920w\" sizes=\"auto, (max-width: 300px) 100vw, 300px\" \/><\/a><figcaption class=\"wp-element-caption\">Long Exposure Skyline\n[Frankfurt]\n<\/figcaption><\/figure>\n\n\n\n<figure class=\"wp-block-image size-large wide\"><a href=\"https:\/\/www.reichelfotografie.de\/en\/wp-content\/uploads\/sites\/3\/22_Skyline_Sonnenuntergang_Frankfurt.jpg\"><img loading=\"lazy\" decoding=\"async\" width=\"1800\" height=\"1200\" data-id=\"107\" src=\"https:\/\/www.reichelfotografie.de\/en\/wp-content\/uploads\/sites\/3\/22_Skyline_Sonnenuntergang_Frankfurt-1800x1200.jpg\" alt=\"Skyline at Sunset Frankfurt on the Main J\u00fcrgen Reichel Architectural Photography Architecture Photographer J\u00fcrgen Reichel\" class=\"wp-image-107\" srcset=\"https:\/\/www.reichelfotografie.de\/en\/wp-content\/uploads\/sites\/3\/22_Skyline_Sonnenuntergang_Frankfurt-1800x1200.jpg 1800w, https:\/\/www.reichelfotografie.de\/en\/wp-content\/uploads\/sites\/3\/22_Skyline_Sonnenuntergang_Frankfurt-300x200.jpg 300w, https:\/\/www.reichelfotografie.de\/en\/wp-content\/uploads\/sites\/3\/22_Skyline_Sonnenuntergang_Frankfurt-768x512.jpg 768w, https:\/\/www.reichelfotografie.de\/en\/wp-content\/uploads\/sites\/3\/22_Skyline_Sonnenuntergang_Frankfurt-1536x1024.jpg 1536w, https:\/\/www.reichelfotografie.de\/en\/wp-content\/uploads\/sites\/3\/22_Skyline_Sonnenuntergang_Frankfurt.jpg 1920w\" sizes=\"auto, (max-width: 1800px) 100vw, 1800px\" \/><\/a><figcaption class=\"wp-element-caption\">Skyline at Sunset\n[Frankfurt]<\/figcaption><\/figure>\n\n\n\n<figure class=\"wp-block-image size-medium\"><a href=\"https:\/\/www.reichelfotografie.de\/en\/wp-content\/uploads\/sites\/3\/Lyon_Musee_de_Confluence.jpg\"><img loading=\"lazy\" decoding=\"async\" width=\"300\" height=\"200\" data-id=\"140\" src=\"https:\/\/www.reichelfotografie.de\/en\/wp-content\/uploads\/sites\/3\/Lyon_Musee_de_Confluence-300x200.jpg\" alt=\"Mus\u00e9e de Confluence Lyon J\u00fcrgen Reichel Architectural Photography Architecture Photographer J\u00fcrgen Reichel\" class=\"wp-image-140\" srcset=\"https:\/\/www.reichelfotografie.de\/en\/wp-content\/uploads\/sites\/3\/Lyon_Musee_de_Confluence-300x200.jpg 300w, https:\/\/www.reichelfotografie.de\/en\/wp-content\/uploads\/sites\/3\/Lyon_Musee_de_Confluence-1800x1200.jpg 1800w, https:\/\/www.reichelfotografie.de\/en\/wp-content\/uploads\/sites\/3\/Lyon_Musee_de_Confluence-768x512.jpg 768w, https:\/\/www.reichelfotografie.de\/en\/wp-content\/uploads\/sites\/3\/Lyon_Musee_de_Confluence-1536x1024.jpg 1536w, https:\/\/www.reichelfotografie.de\/en\/wp-content\/uploads\/sites\/3\/Lyon_Musee_de_Confluence.jpg 1920w\" sizes=\"auto, (max-width: 300px) 100vw, 300px\" \/><\/a><figcaption class=\"wp-element-caption\">Mus\u00e9e de Confluences\n[Lyon]\n<\/figcaption><\/figure>\n<\/figure>\n","protected":false},"excerpt":{"rendered":"","protected":false},"author":1,"featured_media":0,"parent":0,"menu_order":2,"comment_status":"closed","ping_status":"closed","template":"","meta":{"footnotes":""},"class_list":["post-11","page","type-page","status-publish","hentry"],"_links":{"self":[{"href":"https:\/\/www.reichelfotografie.de\/en\/wp-json\/wp\/v2\/pages\/11","targetHints":{"allow":["GET"]}}],"collection":[{"href":"https:\/\/www.reichelfotografie.de\/en\/wp-json\/wp\/v2\/pages"}],"about":[{"href":"https:\/\/www.reichelfotografie.de\/en\/wp-json\/wp\/v2\/types\/page"}],"author":[{"embeddable":true,"href":"https:\/\/www.reichelfotografie.de\/en\/wp-json\/wp\/v2\/users\/1"}],"replies":[{"embeddable":true,"href":"https:\/\/www.reichelfotografie.de\/en\/wp-json\/wp\/v2\/comments?post=11"}],"version-history":[{"count":69,"href":"https:\/\/www.reichelfotografie.de\/en\/wp-json\/wp\/v2\/pages\/11\/revisions"}],"predecessor-version":[{"id":305,"href":"https:\/\/www.reichelfotografie.de\/en\/wp-json\/wp\/v2\/pages\/11\/revisions\/305"}],"wp:attachment":[{"href":"https:\/\/www.reichelfotografie.de\/en\/wp-json\/wp\/v2\/media?parent=11"}],"curies":[{"name":"wp","href":"https:\/\/api.w.org\/{rel}","templated":true}]}}